{"id":845,"date":"2023-09-05T21:30:24","date_gmt":"2023-09-05T19:30:24","guid":{"rendered":"https:\/\/kettenschiff-aschaffenburg.de\/cms\/?page_id=845"},"modified":"2026-02-09T20:01:54","modified_gmt":"2026-02-09T19:01:54","slug":"kettenschiff-begegnung-in-marktbreit","status":"publish","type":"page","link":"https:\/\/kettenschiff-aschaffenburg.de\/cms\/dioramen\/kettenschiff-begegnung-in-marktbreit\/","title":{"rendered":"Kettenschiff-Begegnung in Marktbreit"},"content":{"rendered":"<p>Von den 111 sog. Wasserbahnh\u00f6fen zwischen der \u201eStart-Station Aschaffenburg\u201c und der \u201eEnd-Station Bamberg\u201c w\u00e4hlte der Arbeitskreis den Hafen von Marktbreit aus \u2013 wegen des \u201ealten Kranen\u201c, einem un\u00fcbersehbaren Rundturm-Kran, der von Menschen bedient und von ihrer Kraft bewegt wurde. Auch wenn er zur Kettenschlepp-Zeit nicht mehr in Funktion war \u2013 ein Hingucker ist er allemal. Das Besondere an dem Diorama: Hier treffen sich 2 M\u00e4\u00e4kuh-Schleppz\u00fcge \u2013 und passieren einander, ohne dass ein damals \u00fcblicher Kettenwechsel durchgef\u00fchrt werden musste. Die Ausstattung mit zus\u00e4tzlichen Wasserstrahl-Turbinen machte es m\u00f6glich: Der Bergschlepper blieb an der Kette, der Talfahrer fuhr mit Turbinenkraft \u2013 und ganz ohne Kette.<br \/>\n<div class=\"su-spacer\" style=\"height:20px\"><\/div>\n<!-- Final Tiles Grid Gallery for WordPress v3.6.13 free --><style>#ftg-88 .tile { border: 3px solid #dd0000; }#ftg-88 .tile .icon { color:#ffffff; }#ftg-88 .ftg-items .loading-bar i { background:#666; }#ftg-88 .ftg-items .loading-bar { background:#fff; }#ftg-88 .tile .icon { font-size:12px; }#ftg-88 .tile .icon { margin: -6px 0 0 -6px; }#ftg-88 .tile .caption-block .text-wrapper span.text { font-size:12px; }#ftg-88 .tile .caption-outside .text-wrapper span.text { font-size:12px; }#ftg-88 .tile .caption-block .text-wrapper span.title { font-size:14px; }#ftg-88 .tile .caption-outside .text-wrapper span.title { font-size:14px; }#ftg-88 .tile { background-color: transparent; }#ftg-88 .tile .caption-block .text-wrapper span.text { color: #ffffff; }#ftg-88 .tile .caption-block .text-wrapper span.title { color: #ffffff; }#ftg-88 .tile .caption-outside .text-wrapper span.text { color: #ffffff; }#ftg-88 .tile .caption-outside .text-wrapper span.title { color: #ffffff; }#ftg-88 .tile .ftg-social a { color: #ffffff; }#ftg-88 .tile { border-radius: 8px; }#ftg-88 .tile .caption-block { transition-duration:0.25s; }#ftg-88 .tile .tile-inner:before { background-color: #000000; }#ftg-88 .tile .tile-inner:before { background-color: rgba(0, 0, 0, 0.8); }#ftg-88 .tile:hover img {-moz-transform: -moz-rotate(0deg) -moz-scale(0) ;-webkit-transform: -webkit-rotate(0deg) -webkit-scale(0) ;-o-transform: -o-rotate(0deg) -o-scale(0) ;-ms-transform: -ms-rotate(0deg) -ms-scale(0) ;transform: rotate(0deg) scale(0) ;}<\/style><a name=\"8\"><\/a><div class=\"final-tiles-gallery  ftg-hover-enabled caption-inside  caption-none caption-middle caption-center\" id=\"ftg-88\" style=\"width: 100%\"><div class='ftg-items'><div class='loading-bar'><i><\/i><\/div><div  class='tile ftg-preload  '><a title=\"Begegnung in Marktbreit\" data-lightbox='ftg-88' rel='ftg-88'  class=' tile-inner  ftg-lightbox' href='https:\/\/kettenschiff-aschaffenburg.de\/wp-content\/uploads\/2025\/09\/marktbreit_12-1024x573.jpg' ><img alt='Begegnung in Marktbreit' class='item skip-lazy' data-class='item' data-ftg-source='https:\/\/kettenschiff-aschaffenburg.de\/wp-content\/uploads\/2025\/09\/marktbreit_12.jpg' src='https:\/\/kettenschiff-aschaffenburg.de\/wp-content\/uploads\/2025\/09\/marktbreit_12.jpg' width='2000' height='1120' \/><div class='caption-block'><div class='text-wrapper'><span class='title'>Begegnung in Marktbreit<\/span><span class='text'>Foto \u00a9 by H. Paradies<\/span><\/div><\/div><\/a><div class='ftg-social'><\/div><\/div><div  class='tile ftg-preload  '><a title=\"Begegnung in Marktbreit\" data-lightbox='ftg-88' rel='ftg-88'  class=' tile-inner  ftg-lightbox' href='https:\/\/kettenschiff-aschaffenburg.de\/wp-content\/uploads\/2025\/09\/marktbreit_13-1024x573.jpg' ><img alt='Begegnung in Marktbreit' class='item skip-lazy' data-class='item' data-ftg-source='https:\/\/kettenschiff-aschaffenburg.de\/wp-content\/uploads\/2025\/09\/marktbreit_13.jpg' src='https:\/\/kettenschiff-aschaffenburg.de\/wp-content\/uploads\/2025\/09\/marktbreit_13.jpg' width='2000' height='1120' \/><div class='caption-block'><div class='text-wrapper'><span class='title'>Begegnung in Marktbreit<\/span><span class='text'>Foto \u00a9 by H. Paradies<\/span><\/div><\/div><\/a><div class='ftg-social'><\/div><\/div><div  class='tile ftg-preload  '><a title=\"Begegnung in Marktbreit\" data-lightbox='ftg-88' rel='ftg-88'  class=' tile-inner  ftg-lightbox' href='https:\/\/kettenschiff-aschaffenburg.de\/wp-content\/uploads\/2025\/09\/marktbreit_11-1024x573.jpg' ><img alt='Begegnung in Marktbreit' class='item skip-lazy' data-class='item' data-ftg-source='https:\/\/kettenschiff-aschaffenburg.de\/wp-content\/uploads\/2025\/09\/marktbreit_11.jpg' src='https:\/\/kettenschiff-aschaffenburg.de\/wp-content\/uploads\/2025\/09\/marktbreit_11.jpg' width='2000' height='1120' \/><div class='caption-block'><div class='text-wrapper'><span class='title'>Begegnung in Marktbreit<\/span><span class='text'>Foto \u00a9 by H. Paradies<\/span><\/div><\/div><\/a><div class='ftg-social'><\/div><\/div><div  class='tile ftg-preload  '><a title=\"Begegnung in Marktbreit\" data-lightbox='ftg-88' rel='ftg-88'  class=' tile-inner  ftg-lightbox' href='https:\/\/kettenschiff-aschaffenburg.de\/wp-content\/uploads\/2025\/09\/marktbreit_14-1024x573.jpg' ><img alt='Begegnung in Marktbreit' class='item skip-lazy' data-class='item' data-ftg-source='https:\/\/kettenschiff-aschaffenburg.de\/wp-content\/uploads\/2025\/09\/marktbreit_14.jpg' src='https:\/\/kettenschiff-aschaffenburg.de\/wp-content\/uploads\/2025\/09\/marktbreit_14.jpg' width='2000' height='1120' \/><div class='caption-block'><div class='text-wrapper'><span class='title'>Begegnung in Marktbreit<\/span><span class='text'>Foto \u00a9 by H. Paradies<\/span><\/div><\/div><\/a><div class='ftg-social'><\/div><\/div><div  class='tile ftg-preload  '><a title=\"Begegnung in Marktbreit\" data-lightbox='ftg-88' rel='ftg-88'  class=' tile-inner  ftg-lightbox' href='https:\/\/kettenschiff-aschaffenburg.de\/wp-content\/uploads\/2025\/09\/marktbreit_08-1024x573.jpg' ><img alt='Begegnung in Marktbreit' class='item skip-lazy' data-class='item' data-ftg-source='https:\/\/kettenschiff-aschaffenburg.de\/wp-content\/uploads\/2025\/09\/marktbreit_08-scaled.jpg' src='https:\/\/kettenschiff-aschaffenburg.de\/wp-content\/uploads\/2025\/09\/marktbreit_08-scaled.jpg' width='2560' height='1434' \/><div class='caption-block'><div class='text-wrapper'><span class='title'>Begegnung in Marktbreit<\/span><span class='text'>Foto \u00a9 by H. Paradies<\/span><\/div><\/div><\/a><div class='ftg-social'><\/div><\/div><div  class='tile ftg-preload  '><a title=\"Begegnung in Marktbreit\" data-lightbox='ftg-88' rel='ftg-88'  class=' tile-inner  ftg-lightbox' href='https:\/\/kettenschiff-aschaffenburg.de\/wp-content\/uploads\/2025\/09\/marktbreit_01-1024x573.jpg' ><img alt='Begegnung in Marktbreit' class='item skip-lazy' data-class='item' data-ftg-source='https:\/\/kettenschiff-aschaffenburg.de\/wp-content\/uploads\/2025\/09\/marktbreit_01-scaled.jpg' src='https:\/\/kettenschiff-aschaffenburg.de\/wp-content\/uploads\/2025\/09\/marktbreit_01-scaled.jpg' width='2560' height='1434' \/><div class='caption-block'><div class='text-wrapper'><span class='title'>Begegnung in Marktbreit<\/span><span class='text'>Foto \u00a9 by H. Paradies<\/span><\/div><\/div><\/a><div class='ftg-social'><\/div><\/div><div  class='tile ftg-preload  '><a title=\"Begegnung in Marktbreit\" data-lightbox='ftg-88' rel='ftg-88'  class=' tile-inner  ftg-lightbox' href='https:\/\/kettenschiff-aschaffenburg.de\/wp-content\/uploads\/2025\/09\/marktbreit_02-1024x573.jpg' ><img alt='Begegnung in Marktbreit' class='item skip-lazy' data-class='item' data-ftg-source='https:\/\/kettenschiff-aschaffenburg.de\/wp-content\/uploads\/2025\/09\/marktbreit_02-scaled.jpg' src='https:\/\/kettenschiff-aschaffenburg.de\/wp-content\/uploads\/2025\/09\/marktbreit_02-scaled.jpg' width='2560' height='1434' \/><div class='caption-block'><div class='text-wrapper'><span class='title'>Begegnung in Marktbreit<\/span><span class='text'>Foto \u00a9 by H. Paradies<\/span><\/div><\/div><\/a><div class='ftg-social'><\/div><\/div><div  class='tile ftg-preload  '><a title=\"Begegnung in Marktbreit\" data-lightbox='ftg-88' rel='ftg-88'  class=' tile-inner  ftg-lightbox' href='https:\/\/kettenschiff-aschaffenburg.de\/wp-content\/uploads\/2025\/09\/marktbreit_03-1024x573.jpg' ><img alt='Begegnung in Marktbreit' class='item skip-lazy' data-class='item' data-ftg-source='https:\/\/kettenschiff-aschaffenburg.de\/wp-content\/uploads\/2025\/09\/marktbreit_03-scaled.jpg' src='https:\/\/kettenschiff-aschaffenburg.de\/wp-content\/uploads\/2025\/09\/marktbreit_03-scaled.jpg' width='2560' height='1434' \/><div class='caption-block'><div class='text-wrapper'><span class='title'>Begegnung in Marktbreit<\/span><span class='text'>Foto \u00a9 by H. Paradies<\/span><\/div><\/div><\/a><div class='ftg-social'><\/div><\/div><div  class='tile ftg-preload  '><a title=\"Begegnung in Marktbreit\" data-lightbox='ftg-88' rel='ftg-88'  class=' tile-inner  ftg-lightbox' href='https:\/\/kettenschiff-aschaffenburg.de\/wp-content\/uploads\/2025\/09\/marktbreit_04-1024x573.jpg' ><img alt='Begegnung in Marktbreit' class='item skip-lazy' data-class='item' data-ftg-source='https:\/\/kettenschiff-aschaffenburg.de\/wp-content\/uploads\/2025\/09\/marktbreit_04-scaled.jpg' src='https:\/\/kettenschiff-aschaffenburg.de\/wp-content\/uploads\/2025\/09\/marktbreit_04-scaled.jpg' width='2560' height='1434' \/><div class='caption-block'><div class='text-wrapper'><span class='title'>Begegnung in Marktbreit<\/span><span class='text'>Foto \u00a9 by H. Paradies<\/span><\/div><\/div><\/a><div class='ftg-social'><\/div><\/div><div  class='tile ftg-preload  '><a title=\"Begegnung in Marktbreit\" data-lightbox='ftg-88' rel='ftg-88'  class=' tile-inner  ftg-lightbox' href='https:\/\/kettenschiff-aschaffenburg.de\/wp-content\/uploads\/2025\/09\/marktbreit_05-1024x573.jpg' ><img alt='Begegnung in Marktbreit' class='item skip-lazy' data-class='item' data-ftg-source='https:\/\/kettenschiff-aschaffenburg.de\/wp-content\/uploads\/2025\/09\/marktbreit_05-scaled.jpg' src='https:\/\/kettenschiff-aschaffenburg.de\/wp-content\/uploads\/2025\/09\/marktbreit_05-scaled.jpg' width='2560' height='1434' \/><div class='caption-block'><div class='text-wrapper'><span class='title'>Begegnung in Marktbreit<\/span><span class='text'>Foto \u00a9 by H. Paradies<\/span><\/div><\/div><\/a><div class='ftg-social'><\/div><\/div><div  class='tile ftg-preload  '><a title=\"Begegnung in Marktbreit\" data-lightbox='ftg-88' rel='ftg-88'  class=' tile-inner  ftg-lightbox' href='https:\/\/kettenschiff-aschaffenburg.de\/wp-content\/uploads\/2025\/09\/marktbreit_06-1024x573.jpg' ><img alt='Begegnung in Marktbreit' class='item skip-lazy' data-class='item' data-ftg-source='https:\/\/kettenschiff-aschaffenburg.de\/wp-content\/uploads\/2025\/09\/marktbreit_06-scaled.jpg' src='https:\/\/kettenschiff-aschaffenburg.de\/wp-content\/uploads\/2025\/09\/marktbreit_06-scaled.jpg' width='2560' height='1434' \/><div class='caption-block'><div class='text-wrapper'><span class='title'>Begegnung in Marktbreit<\/span><span class='text'>Foto \u00a9 by H. Paradies<\/span><\/div><\/div><\/a><div class='ftg-social'><\/div><\/div><div  class='tile ftg-preload  '><a title=\"Begegnung in Marktbreit\" data-lightbox='ftg-88' rel='ftg-88'  class=' tile-inner  ftg-lightbox' href='https:\/\/kettenschiff-aschaffenburg.de\/wp-content\/uploads\/2025\/09\/marktbreit_07-1024x573.jpg' ><img alt='Begegnung in Marktbreit' class='item skip-lazy' data-class='item' data-ftg-source='https:\/\/kettenschiff-aschaffenburg.de\/wp-content\/uploads\/2025\/09\/marktbreit_07-scaled.jpg' src='https:\/\/kettenschiff-aschaffenburg.de\/wp-content\/uploads\/2025\/09\/marktbreit_07-scaled.jpg' width='2560' height='1434' \/><div class='caption-block'><div class='text-wrapper'><span class='title'>Begegnung in Marktbreit<\/span><span class='text'>Foto \u00a9 by H. Paradies<\/span><\/div><\/div><\/a><div class='ftg-social'><\/div><\/div><div  class='tile ftg-preload  '><a title=\"Begegnung in Marktbreit\" data-lightbox='ftg-88' rel='ftg-88'  class=' tile-inner  ftg-lightbox' href='https:\/\/kettenschiff-aschaffenburg.de\/wp-content\/uploads\/2025\/09\/marktbreit_09-1024x573.jpg' ><img alt='Begegnung in Marktbreit' class='item skip-lazy' data-class='item' data-ftg-source='https:\/\/kettenschiff-aschaffenburg.de\/wp-content\/uploads\/2025\/09\/marktbreit_09-scaled.jpg' src='https:\/\/kettenschiff-aschaffenburg.de\/wp-content\/uploads\/2025\/09\/marktbreit_09-scaled.jpg' width='2560' height='1434' \/><div class='caption-block'><div class='text-wrapper'><span class='title'>Begegnung in Marktbreit<\/span><span class='text'>Foto \u00a9 by H. Paradies<\/span><\/div><\/div><\/a><div class='ftg-social'><\/div><\/div><div  class='tile ftg-preload  '><a title=\"Begegnung in Marktbreit\" data-lightbox='ftg-88' rel='ftg-88'  class=' tile-inner  ftg-lightbox' href='https:\/\/kettenschiff-aschaffenburg.de\/wp-content\/uploads\/2025\/09\/marktbreit_10-1024x573.jpg' ><img alt='Begegnung in Marktbreit' class='item skip-lazy' data-class='item' data-ftg-source='https:\/\/kettenschiff-aschaffenburg.de\/wp-content\/uploads\/2025\/09\/marktbreit_10.jpg' src='https:\/\/kettenschiff-aschaffenburg.de\/wp-content\/uploads\/2025\/09\/marktbreit_10.jpg' width='2000' height='1120' \/><div class='caption-block'><div class='text-wrapper'><span class='title'>Begegnung in Marktbreit<\/span><span class='text'>Foto \u00a9 by H. Paradies<\/span><\/div><\/div><\/a><div class='ftg-social'><\/div><\/div><\/div><\/div>\n","protected":false},"excerpt":{"rendered":"<p>Von den 111 sog. Wasserbahnh\u00f6fen zwischen der \u201eStart-Station Aschaffenburg\u201c und der \u201eEnd-Station Bamberg\u201c w\u00e4hlte der Arbeitskreis den Hafen von Marktbreit aus \u2013 wegen des \u201ealten Kranen\u201c, einem un\u00fcbersehbaren Rundturm-Kran, der von Menschen bedient und von ihrer Kraft bewegt wurde. Auch wenn er zur Kettenschlepp-Zeit nicht mehr in Funktion war \u2013&#8230;<\/p>\n<p class=\"continue-reading-button\"> <a class=\"continue-reading-link\" href=\"https:\/\/kettenschiff-aschaffenburg.de\/cms\/dioramen\/kettenschiff-begegnung-in-marktbreit\/\">weiter lesen<i class=\"crycon-right-dir\"><\/i><\/a><\/p>\n","protected":false},"author":1,"featured_media":1282,"parent":200,"menu_order":0,"comment_status":"closed","ping_status":"closed","template":"","meta":{"footnotes":""},"class_list":["post-845","page","type-page","status-publish","has-post-thumbnail","hentry"],"_links":{"self":[{"href":"https:\/\/kettenschiff-aschaffenburg.de\/cms\/wp-json\/wp\/v2\/pages\/845","targetHints":{"allow":["GET"]}}],"collection":[{"href":"https:\/\/kettenschiff-aschaffenburg.de\/cms\/wp-json\/wp\/v2\/pages"}],"about":[{"href":"https:\/\/kettenschiff-aschaffenburg.de\/cms\/wp-json\/wp\/v2\/types\/page"}],"author":[{"embeddable":true,"href":"https:\/\/kettenschiff-aschaffenburg.de\/cms\/wp-json\/wp\/v2\/users\/1"}],"replies":[{"embeddable":true,"href":"https:\/\/kettenschiff-aschaffenburg.de\/cms\/wp-json\/wp\/v2\/comments?post=845"}],"version-history":[{"count":6,"href":"https:\/\/kettenschiff-aschaffenburg.de\/cms\/wp-json\/wp\/v2\/pages\/845\/revisions"}],"predecessor-version":[{"id":1517,"href":"https:\/\/kettenschiff-aschaffenburg.de\/cms\/wp-json\/wp\/v2\/pages\/845\/revisions\/1517"}],"up":[{"embeddable":true,"href":"https:\/\/kettenschiff-aschaffenburg.de\/cms\/wp-json\/wp\/v2\/pages\/200"}],"wp:featuredmedia":[{"embeddable":true,"href":"https:\/\/kettenschiff-aschaffenburg.de\/cms\/wp-json\/wp\/v2\/media\/1282"}],"wp:attachment":[{"href":"https:\/\/kettenschiff-aschaffenburg.de\/cms\/wp-json\/wp\/v2\/media?parent=845"}],"curies":[{"name":"wp","href":"https:\/\/api.w.org\/{rel}","templated":true}]}}